{"id":744,"date":"2025-10-28T13:58:42","date_gmt":"2025-10-28T13:58:42","guid":{"rendered":"https:\/\/carte-cetir.pyreweb.fr\/?page_id=744"},"modified":"2025-12-09T08:30:56","modified_gmt":"2025-12-09T08:30:56","slug":"amelia","status":"publish","type":"page","link":"https:\/\/carte-cetir.pyreweb.fr\/?page_id=744","title":{"rendered":"Am\u00e9lia"},"content":{"rendered":"\n<p>salle d&rsquo;attente commune de 22 m2, des toilettes accessibles PMR pour les patients et des toilettes pour les professionnels.<\/p>\n\n\n\n<p>Place de parking pour personne PMR.<\/p>\n\n\n\n<p>Horaires: 8h \u00e0 20 h du lundi au samedi Possibilit\u00e9 de louer la salle de conf\u00e9rence en soir\u00e9e sur demande.<\/p>\n\n\n\n<div class=\"wp-block-amelia-catalog-booking-gutenberg-block\">\n<script>\n  if (typeof hasAmeliaEntitiesApiCall === 'undefined' && ('' === '' && '' !== '1')) {\n    var hasAmeliaEntitiesApiCall = true;\n  }\n  var ameliaShortcodeData = (typeof ameliaShortcodeData === 'undefined') ? [] : ameliaShortcodeData;\n  ameliaShortcodeData.push(\n    {\n      'hasApiCall': (typeof hasAmeliaEntitiesApiCall !== 'undefined') && hasAmeliaEntitiesApiCall,\n      'trigger': '',\n      'trigger_type': '',\n      'triggered_form': 'cbf',\n      'in_dialog': '',\n      'show': '',\n      'counter': '1000',\n      'package': '',\n      'category': '',\n      'service': '',\n      'employee': '',\n      'location': '',\n      'categories_hidden': ''\n    }\n  );\n  var ameliaShortcodeDataTriggered = (typeof ameliaShortcodeDataTriggered === 'undefined') ? [] : ameliaShortcodeDataTriggered;\n  if (ameliaShortcodeData[ameliaShortcodeData.length - 1].trigger !== '') {\n    if (ameliaShortcodeDataTriggered.filter(a => a.counter === ameliaShortcodeData[ameliaShortcodeData.length - 1].counter).length === 0) {\n      ameliaShortcodeDataTriggered.push(ameliaShortcodeData.pop());\n    } else {\n      ameliaShortcodeData.pop()\n    }\n  }\n  if (typeof hasAmeliaEntitiesApiCall !== 'undefined' && hasAmeliaEntitiesApiCall) {\n    hasAmeliaEntitiesApiCall = false;\n  }\n<\/script>\n\n<div\n  id=\"amelia-v2-booking-1000\"\n  class=\"amelia-v2-booking\"\n>\n    <catalog-form-wrapper><\/catalog-form-wrapper><\/div>\n<\/div>\n\n\n\n<p><\/p>\n","protected":false},"excerpt":{"rendered":"<p>salle d&rsquo;attente commune de 22 m2, des toilettes accessibles PMR pour les patients et des toilettes pour les professionnels. Place de parking pour personne PMR. Horaires: 8h \u00e0 20 h du lundi au samedi Possibilit\u00e9 de louer la salle de conf\u00e9rence en soir\u00e9e sur demande.<\/p>\n","protected":false},"author":2,"featured_media":0,"parent":0,"menu_order":0,"comment_status":"closed","ping_status":"closed","template":"","meta":{"_mc_calendar":[],"footnotes":""},"class_list":["post-744","page","type-page","status-publish","hentry"],"_links":{"self":[{"href":"https:\/\/carte-cetir.pyreweb.fr\/index.php?rest_route=\/wp\/v2\/pages\/744","targetHints":{"allow":["GET"]}}],"collection":[{"href":"https:\/\/carte-cetir.pyreweb.fr\/index.php?rest_route=\/wp\/v2\/pages"}],"about":[{"href":"https:\/\/carte-cetir.pyreweb.fr\/index.php?rest_route=\/wp\/v2\/types\/page"}],"author":[{"embeddable":true,"href":"https:\/\/carte-cetir.pyreweb.fr\/index.php?rest_route=\/wp\/v2\/users\/2"}],"replies":[{"embeddable":true,"href":"https:\/\/carte-cetir.pyreweb.fr\/index.php?rest_route=%2Fwp%2Fv2%2Fcomments&post=744"}],"version-history":[{"count":9,"href":"https:\/\/carte-cetir.pyreweb.fr\/index.php?rest_route=\/wp\/v2\/pages\/744\/revisions"}],"predecessor-version":[{"id":878,"href":"https:\/\/carte-cetir.pyreweb.fr\/index.php?rest_route=\/wp\/v2\/pages\/744\/revisions\/878"}],"wp:attachment":[{"href":"https:\/\/carte-cetir.pyreweb.fr\/index.php?rest_route=%2Fwp%2Fv2%2Fmedia&parent=744"}],"curies":[{"name":"wp","href":"https:\/\/api.w.org\/{rel}","templated":true}]}}